{"id":2,"date":"2023-09-19T22:51:37","date_gmt":"2023-09-19T20:51:37","guid":{"rendered":"http:\/\/lainedebordeaux.fr\/?page_id=2"},"modified":"2026-03-26T10:39:22","modified_gmt":"2026-03-26T09:39:22","slug":"page-d-exemple","status":"publish","type":"page","link":"https:\/\/lainedebordeaux.fr\/index.php\/page-d-exemple\/","title":{"rendered":"Services"},"content":{"rendered":"\t\t<div data-elementor-type=\"wp-page\" data-elementor-id=\"2\" class=\"elementor elementor-2\">\n\t\t\t\t<div class=\"elementor-element elementor-element-c4c521d e-flex e-con-boxed e-con e-parent\" data-id=\"c4c521d\" data-element_type=\"container\" data-e-type=\"container\">\n\t\t\t\t\t<div class=\"e-con-inner\">\n\t\t<div class=\"elementor-element elementor-element-9d49de8 e-con-full e-flex e-con e-child\" data-id=\"9d49de8\" data-element_type=\"container\" data-e-type=\"container\">\n\t\t\t\t<div class=\"elementor-element elementor-element-80aceee elementor-widget elementor-widget-text-editor\" data-id=\"80aceee\" data-element_type=\"widget\" data-e-type=\"widget\" data-widget_type=\"text-editor.default\">\n\t\t\t\t<div class=\"elementor-widget-container\">\n\t\t\t\t\t\t\t\t\t<h2>Une approche artisanale, locale et engag\u00e9e<\/h2><p><span style=\"color: #333333;\">Nous vous accompagnons dans la transformation de la laine de mani\u00e8re artisanale, en mettant \u00e0 l\u2019honneur les toisons locales de Gironde. Chaque service propos\u00e9 est pens\u00e9 pour respecter la fibre, le territoire et le rythme du vivant.<br \/><\/span><span style=\"color: #333333;\">Notre d\u00e9marche s\u2019inscrit dans une volont\u00e9 de relocaliser la fili\u00e8re laine, de soutenir les \u00e9leveurs girondins, et de redonner du sens \u00e0 la mati\u00e8re.<br \/><\/span><span style=\"color: #333333;\">Nous travaillons en circuit court, avec transparence et passion, pour que chaque fil soit porteur de valeurs.<\/span><\/p>\t\t\t\t\t\t\t\t<\/div>\n\t\t\t\t<\/div>\n\t\t\t\t<\/div>\n\t\t\t\t\t<\/div>\n\t\t\t\t<\/div>\n\t\t<div class=\"elementor-element elementor-element-f4bc6df e-flex e-con-boxed e-con e-parent\" data-id=\"f4bc6df\" data-element_type=\"container\" data-e-type=\"container\">\n\t\t\t\t\t<div class=\"e-con-inner\">\n\t\t\t\t<div class=\"elementor-element elementor-element-7956e05 elementor-widget elementor-widget-heading\" data-id=\"7956e05\" data-element_type=\"widget\" data-e-type=\"widget\" data-widget_type=\"heading.default\">\n\t\t\t\t<div class=\"elementor-widget-container\">\n\t\t\t\t\t<h2 class=\"elementor-heading-title elementor-size-default\">Quels sont les services que vous propose Laine de Bordeaux ?<\/h2>\t\t\t\t<\/div>\n\t\t\t\t<\/div>\n\t\t\t\t\t<\/div>\n\t\t\t\t<\/div>\n\t\t<div class=\"elementor-element elementor-element-8950e93 e-flex e-con-boxed e-con e-parent\" data-id=\"8950e93\" data-element_type=\"container\" data-e-type=\"container\">\n\t\t\t\t\t<div class=\"e-con-inner\">\n\t\t\t\t<div class=\"elementor-element elementor-element-f190c8b elementor-widget elementor-widget-heading\" data-id=\"f190c8b\" data-element_type=\"widget\" data-e-type=\"widget\" data-widget_type=\"heading.default\">\n\t\t\t\t<div class=\"elementor-widget-container\">\n\t\t\t\t\t<h3 class=\"elementor-heading-title elementor-size-default\">Transformation de la laine :<\/h3>\t\t\t\t<\/div>\n\t\t\t\t<\/div>\n\t\t\t\t\t<\/div>\n\t\t\t\t<\/div>\n\t\t<div class=\"elementor-element elementor-element-c9c03ad e-grid e-con-boxed e-con e-parent\" data-id=\"c9c03ad\" data-element_type=\"container\" data-e-type=\"container\">\n\t\t\t\t\t<div class=\"e-con-inner\">\n\t\t\t\t<div class=\"elementor-element elementor-element-300c935 elementor-widget elementor-widget-text-editor\" data-id=\"300c935\" data-element_type=\"widget\" data-e-type=\"widget\" data-widget_type=\"text-editor.default\">\n\t\t\t\t<div class=\"elementor-widget-container\">\n\t\t\t\t\t\t\t\t\t<p>Vous \u00e9levez des brebis et souhaitez valoriser la toison de votre troupeau ?<br \/>Nous vous aidons \u00e0 transformer votre laine en cr\u00e9ant des produits uniques, pens\u00e9s sur mesure, pour que vous apportiez une r\u00e9elle plus-value \u00e0 votre offre gr\u00e2ce \u00e0 des pi\u00e8ces artisanales fabriqu\u00e9es localement.<\/p><ul><li><strong>Fil en \u00e9cheveau<\/strong> pr\u00eat \u00e0 la vente dans votre boutique<\/li><li><strong>Articles en feutre<\/strong> (semelles, pochettes, accessoires\u2026)<\/li><li>Pi\u00e8ces tricot\u00e9es ou crochet\u00e9es par un r\u00e9seau d\u2019artisans de proximit\u00e9<\/li><\/ul><h4>Les diff\u00e9rentes \u00e9tapes de transformation que nous effectuons :<\/h4><h5>Lavage des toisons :<\/h5><p>Nous lavons les toisons avec douceur, en utilisant des m\u00e9thodes respectueuses de la fibre et de l\u2019environnement. L\u2019objectif : pr\u00e9server la qualit\u00e9 naturelle de la laine tout en \u00e9liminant les impuret\u00e9s, sans produits agressifs ni traitements industriels.<\/p><h5>Cardage :<\/h5><p>Le cardage permet d\u2019a\u00e9rer, d\u00e9m\u00ealer et aligner les fibres pour pr\u00e9parer la laine au filage. Cette \u00e9tape essentielle r\u00e9v\u00e8le la texture et le potentiel de chaque toison, en respectant ses sp\u00e9cificit\u00e9s (race, finesse, couleur).<\/p><h5>Filage artisanal :<\/h5><p>Nous filons la laine \u00e0 la main ou \u00e0 l\u2019aide de mat\u00e9riel adapt\u00e9, selon les besoins du projet. Chaque fil est unique : il refl\u00e8te la nature de la toison, le geste de l\u2019artisan et l\u2019histoire du territoire. Nous proposons des fils en petites s\u00e9ries ou sur mesure, selon vos envies cr\u00e9atives.<\/p><p>Pour \u00e9tudier ensemble toutes les possibilit\u00e9s qu\u2019offre la laine de votre troupeau, prenons rendez-vous ! Prestation r\u00e9serv\u00e9e aux professionnels pour le moment.<\/p>\t\t\t\t\t\t\t\t<\/div>\n\t\t\t\t<\/div>\n\t\t\t\t<div class=\"elementor-element elementor-element-09c7dff elementor-widget elementor-widget-image\" data-id=\"09c7dff\" data-element_type=\"widget\" data-e-type=\"widget\" data-widget_type=\"image.default\">\n\t\t\t\t<div class=\"elementor-widget-container\">\n\t\t\t\t\t\t\t\t\t\t\t\t<figure class=\"wp-caption\">\n\t\t\t\t\t\t\t\t\t\t<img fetchpriority=\"high\" decoding=\"async\" width=\"768\" height=\"1024\" src=\"https:\/\/lainedebordeaux.fr\/wp-content\/uploads\/2025\/07\/IMG_3697-scaled.jpg\" class=\"attachment-medium_large size-medium_large wp-image-844\" alt=\"\u00c9cheveau de laine naturelle de Gironde\" srcset=\"https:\/\/lainedebordeaux.fr\/wp-content\/uploads\/2025\/07\/IMG_3697-scaled.jpg 1920w, https:\/\/lainedebordeaux.fr\/wp-content\/uploads\/2025\/07\/IMG_3697-225x300.jpg 225w, https:\/\/lainedebordeaux.fr\/wp-content\/uploads\/2025\/07\/IMG_3697-768x1024.jpg 768w, https:\/\/lainedebordeaux.fr\/wp-content\/uploads\/2025\/07\/IMG_3697-2000x2667.jpg 2000w, https:\/\/lainedebordeaux.fr\/wp-content\/uploads\/2025\/07\/IMG_3697-scaled-1152x1536.jpg 1152w, https:\/\/lainedebordeaux.fr\/wp-content\/uploads\/2025\/07\/IMG_3697-scaled-1536x2048.jpg 1536w\" sizes=\"100vw\" \/>\t\t\t\t\t\t\t\t\t\t\t<figcaption class=\"widget-image-caption wp-caption-text\"><\/figcaption>\n\t\t\t\t\t\t\t\t\t\t<\/figure>\n\t\t\t\t\t\t\t\t\t<\/div>\n\t\t\t\t<\/div>\n\t\t\t\t\t<\/div>\n\t\t\t\t<\/div>\n\t\t<div class=\"elementor-element elementor-element-2b169c1 e-flex e-con-boxed e-con e-parent\" data-id=\"2b169c1\" data-element_type=\"container\" data-e-type=\"container\">\n\t\t\t\t\t<div class=\"e-con-inner\">\n\t\t\t\t<div class=\"elementor-element elementor-element-f7a1801 elementor-widget elementor-widget-heading\" data-id=\"f7a1801\" data-element_type=\"widget\" data-e-type=\"widget\" data-widget_type=\"heading.default\">\n\t\t\t\t<div class=\"elementor-widget-container\">\n\t\t\t\t\t<h3 class=\"elementor-heading-title elementor-size-default\">Animation \/ ateliers :<\/h3>\t\t\t\t<\/div>\n\t\t\t\t<\/div>\n\t\t\t\t\t<\/div>\n\t\t\t\t<\/div>\n\t\t<div class=\"elementor-element elementor-element-7076815 e-grid e-con-boxed e-con e-parent\" data-id=\"7076815\" data-element_type=\"container\" data-e-type=\"container\">\n\t\t\t\t\t<div class=\"e-con-inner\">\n\t\t\t\t<div class=\"elementor-element elementor-element-08f2caa elementor-widget elementor-widget-image\" data-id=\"08f2caa\" data-element_type=\"widget\" data-e-type=\"widget\" data-widget_type=\"image.default\">\n\t\t\t\t<div class=\"elementor-widget-container\">\n\t\t\t\t\t\t\t\t\t\t\t\t\t\t\t<img decoding=\"async\" width=\"768\" height=\"452\" src=\"https:\/\/lainedebordeaux.fr\/wp-content\/uploads\/2025\/07\/IMG_3193_flou.png\" class=\"attachment-medium_large size-medium_large wp-image-848\" alt=\"atelier filage\" srcset=\"https:\/\/lainedebordeaux.fr\/wp-content\/uploads\/2025\/07\/IMG_3193_flou.png 1660w, https:\/\/lainedebordeaux.fr\/wp-content\/uploads\/2025\/07\/IMG_3193_flou-300x177.png 300w, https:\/\/lainedebordeaux.fr\/wp-content\/uploads\/2025\/07\/IMG_3193_flou-1024x603.png 1024w, https:\/\/lainedebordeaux.fr\/wp-content\/uploads\/2025\/07\/IMG_3193_flou-1536x905.png 1536w\" sizes=\"100vw\" \/>\t\t\t\t\t\t\t\t\t\t\t\t\t\t\t<\/div>\n\t\t\t\t<\/div>\n\t\t\t\t<div class=\"elementor-element elementor-element-29df175 elementor-widget elementor-widget-text-editor\" data-id=\"29df175\" data-element_type=\"widget\" data-e-type=\"widget\" data-widget_type=\"text-editor.default\">\n\t\t\t\t<div class=\"elementor-widget-container\">\n\t\t\t\t\t\t\t\t\t<p style=\"text-align: right;\">Vous \u00eates une collectivit\u00e9 territoriale ou une association et souhaitez sensibiliser vos publics \u00e0 l\u2019environnement et \u00e0 la biodiversit\u00e9 ?<br \/>Nos animations et ateliers ludiques immergeront vos concitoyens dans l\u2019univers de la laine, du mouton au fil fini.<\/p><p style=\"text-align: right;\">Particuliers passionn\u00e9s ? Restez connect\u00e9s \u00e0 notre page <a href=\"https:\/\/lainedebordeaux.fr\/index.php\/events\/\" target=\"_blank\" rel=\"noopener\">\u00c9v\u00e8nements<\/a> et \u00e0 notre compte <a href=\"https:\/\/www.instagram.com\/lainedebordeaux\/\" target=\"_blank\" rel=\"noopener\"> Instagram<\/a> pour d\u00e9couvrir nos prochains ateliers cr\u00e9atifs.<\/p><p style=\"text-align: right;\">Pour toute demande d\u2019animation ou d\u2019atelier sur mesure, contactez-nous via notre <a href=\"https:\/\/lainedebordeaux.fr\/index.php\/contact\/\" target=\"_blank\" rel=\"noopener\">formulaire<\/a> !<\/p><p style=\"text-align: right;\">\ud83d\udc49 Pensez \u00e0 nous contacter au minimum 2 mois \u00e0 l&rsquo;avance pour r\u00e9server votre projet<\/p>\t\t\t\t\t\t\t\t<\/div>\n\t\t\t\t<\/div>\n\t\t\t\t\t<\/div>\n\t\t\t\t<\/div>\n\t\t<div class=\"elementor-element elementor-element-6264990 e-flex e-con-boxed e-con e-parent\" data-id=\"6264990\" data-element_type=\"container\" data-e-type=\"container\">\n\t\t\t\t\t<div class=\"e-con-inner\">\n\t\t\t\t<div class=\"elementor-element elementor-element-040cd0d elementor-widget elementor-widget-heading\" data-id=\"040cd0d\" data-element_type=\"widget\" data-e-type=\"widget\" data-widget_type=\"heading.default\">\n\t\t\t\t<div class=\"elementor-widget-container\">\n\t\t\t\t\t<h3 class=\"elementor-heading-title elementor-size-default\"><br>Formation :<\/h3>\t\t\t\t<\/div>\n\t\t\t\t<\/div>\n\t\t\t\t\t<\/div>\n\t\t\t\t<\/div>\n\t\t<div class=\"elementor-element elementor-element-b118c7e e-grid e-con-boxed e-con e-parent\" data-id=\"b118c7e\" data-element_type=\"container\" data-e-type=\"container\">\n\t\t\t\t\t<div class=\"e-con-inner\">\n\t\t\t\t<div class=\"elementor-element elementor-element-ded7c3b elementor-widget elementor-widget-text-editor\" data-id=\"ded7c3b\" data-element_type=\"widget\" data-e-type=\"widget\" data-widget_type=\"text-editor.default\">\n\t\t\t\t<div class=\"elementor-widget-container\">\n\t\t\t\t\t\t\t\t\t<p>Vous \u00eates \u00e9leveur, cr\u00e9ateur textile, mercerie ?<br \/>Nous proposons un accompagnement p\u00e9dagogique pour mieux comprendre les \u00e9tapes de transformation, les qualit\u00e9s des diff\u00e9rentes laines locales, et les usages possibles du fil.<\/p><p>Reconna\u00eetre et trier les fibres est une \u00e9tape cl\u00e9 pour sublimer la laine.<br \/>Nous proposons une formation pratique, ax\u00e9e sur le tri de la toison et l\u2019identification des diff\u00e9rents types de fibre.<\/p><p>\u00c0 l\u2019issue de la session, vous repartirez avec un support r\u00e9capitulatif complet des notions abord\u00e9es.<\/p><p>Envie d\u2019approfondir vos comp\u00e9tences ?<br \/>Contactez-nous pour la prochaine saison de tonte !<\/p><p><em>(Pensez \u00e0 effectuer votre demande en avance de la saison)<\/em><\/p>\t\t\t\t\t\t\t\t<\/div>\n\t\t\t\t<\/div>\n\t\t\t\t<div class=\"elementor-element elementor-element-d561149 elementor-widget elementor-widget-image\" data-id=\"d561149\" data-element_type=\"widget\" data-e-type=\"widget\" data-widget_type=\"image.default\">\n\t\t\t\t<div class=\"elementor-widget-container\">\n\t\t\t\t\t\t\t\t\t\t\t\t\t\t\t<img decoding=\"async\" width=\"768\" height=\"1024\" src=\"https:\/\/lainedebordeaux.fr\/wp-content\/uploads\/2025\/07\/IMG_3951-scaled.jpg\" class=\"attachment-medium_large size-medium_large wp-image-852\" alt=\"\" srcset=\"https:\/\/lainedebordeaux.fr\/wp-content\/uploads\/2025\/07\/IMG_3951-scaled.jpg 1920w, https:\/\/lainedebordeaux.fr\/wp-content\/uploads\/2025\/07\/IMG_3951-225x300.jpg 225w, https:\/\/lainedebordeaux.fr\/wp-content\/uploads\/2025\/07\/IMG_3951-768x1024.jpg 768w, https:\/\/lainedebordeaux.fr\/wp-content\/uploads\/2025\/07\/IMG_3951-2000x2667.jpg 2000w, https:\/\/lainedebordeaux.fr\/wp-content\/uploads\/2025\/07\/IMG_3951-scaled-1152x1536.jpg 1152w, https:\/\/lainedebordeaux.fr\/wp-content\/uploads\/2025\/07\/IMG_3951-scaled-1536x2048.jpg 1536w\" sizes=\"100vw\" \/>\t\t\t\t\t\t\t\t\t\t\t\t\t\t\t<\/div>\n\t\t\t\t<\/div>\n\t\t\t\t\t<\/div>\n\t\t\t\t<\/div>\n\t\t\t\t<\/div>\n\t\t","protected":false},"excerpt":{"rendered":"<p>Une approche artisanale, locale et engag\u00e9e Nous vous accompagnons dans la transformation de la laine de mani\u00e8re artisanale, en mettant \u00e0 l\u2019honneur les toisons locales de Gironde. Chaque service propos\u00e9 &hellip; <\/p>\n<p class=\"link-more\"><a href=\"https:\/\/lainedebordeaux.fr\/index.php\/page-d-exemple\/\" class=\"more-link\">Lire la suite de<span class=\"screen-reader-text\">\u00ab\u00a0Services\u00a0\u00bb<\/span><\/a><\/p>\n","protected":false},"author":1,"featured_media":0,"parent":0,"menu_order":0,"comment_status":"closed","ping_status":"open","template":"","meta":{"inspiro_hide_title":false,"footnotes":""},"class_list":["post-2","page","type-page","status-publish","hentry"],"_links":{"self":[{"href":"https:\/\/lainedebordeaux.fr\/index.php\/wp-json\/wp\/v2\/pages\/2","targetHints":{"allow":["GET"]}}],"collection":[{"href":"https:\/\/lainedebordeaux.fr\/index.php\/wp-json\/wp\/v2\/pages"}],"about":[{"href":"https:\/\/lainedebordeaux.fr\/index.php\/wp-json\/wp\/v2\/types\/page"}],"author":[{"embeddable":true,"href":"https:\/\/lainedebordeaux.fr\/index.php\/wp-json\/wp\/v2\/users\/1"}],"replies":[{"embeddable":true,"href":"https:\/\/lainedebordeaux.fr\/index.php\/wp-json\/wp\/v2\/comments?post=2"}],"version-history":[{"count":57,"href":"https:\/\/lainedebordeaux.fr\/index.php\/wp-json\/wp\/v2\/pages\/2\/revisions"}],"predecessor-version":[{"id":1131,"href":"https:\/\/lainedebordeaux.fr\/index.php\/wp-json\/wp\/v2\/pages\/2\/revisions\/1131"}],"wp:attachment":[{"href":"https:\/\/lainedebordeaux.fr\/index.php\/wp-json\/wp\/v2\/media?parent=2"}],"curies":[{"name":"wp","href":"https:\/\/api.w.org\/{rel}","templated":true}]}}